{"id":151,"date":"2020-09-12T11:35:18","date_gmt":"2020-09-12T11:35:18","guid":{"rendered":"https:\/\/mini-marketing.ch\/wordpress\/?page_id=151"},"modified":"2025-05-28T15:11:07","modified_gmt":"2025-05-28T15:11:07","slug":"autospritzwerk-lackarbeiten","status":"publish","type":"page","link":"https:\/\/carrosserie-stenz.ch\/index.php\/autospritzwerk-lackarbeiten\/","title":{"rendered":"Autospritzwerk &amp; Lackarbeiten"},"content":{"rendered":"\n<div style=\"height:40px\" aria-hidden=\"true\" class=\"wp-block-spacer\"><\/div>\n\n\n\n<figure class=\"wp-block-image size-large\"><img loading=\"lazy\" decoding=\"async\" width=\"920\" height=\"307\" src=\"https:\/\/carrosserie-stenz.ch\/wp-content\/uploads\/2020\/09\/lack1.jpg\" alt=\"\" class=\"wp-image-152\" srcset=\"https:\/\/carrosserie-stenz.ch\/wp-content\/uploads\/2020\/09\/lack1.jpg 920w, https:\/\/carrosserie-stenz.ch\/wp-content\/uploads\/2020\/09\/lack1-300x100.jpg 300w, https:\/\/carrosserie-stenz.ch\/wp-content\/uploads\/2020\/09\/lack1-768x256.jpg 768w, https:\/\/carrosserie-stenz.ch\/wp-content\/uploads\/2020\/09\/lack1-604x202.jpg 604w\" sizes=\"auto, (max-width: 920px) 100vw, 920px\" \/><\/figure>\n\n\n\n<div style=\"height:40px\" aria-hidden=\"true\" class=\"wp-block-spacer\"><\/div>\n\n\n\n<h2 class=\"wp-block-heading\">Umweltschonend, pr\u00e4zise, individuell.<\/h2>\n\n\n<p data-start=\"254\" data-end=\"481\"><strong data-start=\"254\" data-end=\"330\">Modernste Lackiertechniken f\u00fcr perfekte Ergebnisse \u2013 und das nachhaltig.<\/strong><br data-start=\"330\" data-end=\"333\" \/>Dank unserem Fachwissen und topmoderner Ausstattung lackieren wir Ihr Fahrzeug professionell \u2013 vom kleinen Kratzer bis zur kompletten Neulackierung.<\/p>\n<p data-start=\"483\" data-end=\"793\"><strong data-start=\"483\" data-end=\"590\">Ob Aufbereitung, Farbauffrischung oder komplette Umlackierung \u2013 wir setzen Ihre Farbw\u00fcnsche pr\u00e4zise um.<\/strong><br data-start=\"590\" data-end=\"593\" \/>Egal, ob Sie Ihren Lack wieder zum Gl\u00e4nzen bringen m\u00f6chten oder Ihrem Fahrzeug ein komplett neues Erscheinungsbild verleihen wollen: Wir beraten Sie umfassend und setzen Ihre Vorstellungen gekonnt um.<\/p>\n<p>\u00a0<\/p>\n<p>\u00a0<\/p>\n\n\n<h2 class=\"wp-block-heading\">Speziallackierungen \u2013 <br>weit mehr als nur Autolack<\/h2>\n\n\n<p data-start=\"858\" data-end=\"1065\"><strong data-start=\"858\" data-end=\"889\">Wir lackieren (fast) alles.<\/strong><br data-start=\"889\" data-end=\"892\" \/>Neben Fahrzeugen verleihen wir auch vielen anderen Objekten ein neues, individuelles Aussehen:<br data-start=\"986\" data-end=\"989\" \/>Motorr\u00e4der, M\u00f6bel, K\u00fcchenfronten, Heizk\u00f6rper, Tische, T\u00fcren und vieles mehr.<\/p>\n<p data-start=\"1067\" data-end=\"1370\"><strong data-start=\"1067\" data-end=\"1151\">Lust auf etwas Besonderes? Mit unseren Effektlacken werden W\u00fcnsche zur Realit\u00e4t.<\/strong><br data-start=\"1151\" data-end=\"1154\" \/>Metallic-, Perlmutt- oder Mattlackierungen mit speziellen Effekten \u2013 lassen Sie sich von den vielf\u00e4ltigen M\u00f6glichkeiten \u00fcberraschen.<\/p>\n\n\n<div style=\"height:0px\" aria-hidden=\"true\" class=\"wp-block-spacer\"><\/div>\n\n\n\n<figure class=\"wp-block-gallery has-nested-images columns-default is-cropped wp-block-gallery-1 is-layout-flex wp-block-gallery-is-layout-flex\">\n<figure class=\"wp-block-image size-large\"><img loading=\"lazy\" decoding=\"async\" width=\"600\" height=\"400\" data-id=\"153\" src=\"https:\/\/carrosserie-stenz.ch\/wp-content\/uploads\/2020\/09\/lack2.jpg\" alt=\"\" class=\"wp-image-153\" srcset=\"https:\/\/carrosserie-stenz.ch\/wp-content\/uploads\/2020\/09\/lack2.jpg 600w, https:\/\/carrosserie-stenz.ch\/wp-content\/uploads\/2020\/09\/lack2-300x200.jpg 300w, https:\/\/carrosserie-stenz.ch\/wp-content\/uploads\/2020\/09\/lack2-405x270.jpg 405w\" sizes=\"auto, (max-width: 600px) 100vw, 600px\" \/><\/figure>\n\n\n\n<figure class=\"wp-block-image size-large\"><img loading=\"lazy\" decoding=\"async\" width=\"729\" height=\"400\" data-id=\"154\" src=\"https:\/\/carrosserie-stenz.ch\/wp-content\/uploads\/2020\/09\/lack3.jpg\" alt=\"\" class=\"wp-image-154\" srcset=\"https:\/\/carrosserie-stenz.ch\/wp-content\/uploads\/2020\/09\/lack3.jpg 729w, https:\/\/carrosserie-stenz.ch\/wp-content\/uploads\/2020\/09\/lack3-300x165.jpg 300w, https:\/\/carrosserie-stenz.ch\/wp-content\/uploads\/2020\/09\/lack3-492x270.jpg 492w\" sizes=\"auto, (max-width: 729px) 100vw, 729px\" \/><\/figure>\n<\/figure>\n\n\n<p>Speziallackierung mit prickelnden Effekten sind bei uns Realit\u00e4t und keine Wunschtr\u00e4ume.<\/p>\n\n\n<div style=\"height:40px\" aria-hidden=\"true\" class=\"wp-block-spacer\"><\/div>\n\n\n\n<h2 class=\"wp-block-heading\">Spritzwerk, Mischraum &amp; Lackiertechnik<\/h2>\n\n\n<div id=\"cc-m-18132435425\" class=\"j-module n j-text \">\n<p data-start=\"1484\" data-end=\"1626\"><strong>H\u00f6chste Qualit\u00e4t f\u00fcr ein makelloses Resultat<\/strong><\/p>\n<p data-start=\"1484\" data-end=\"1626\">In unserem professionell ausgestatteten Mischraum stellen wir Ihre Wunschfarbe exakt her \u2013 mit modernstem, computergest\u00fctztem Farbmischsystem.<\/p>\n<p data-start=\"1628\" data-end=\"1664\"><strong data-start=\"1628\" data-end=\"1664\">Unsere Vorteile auf einen Blick:<\/strong><\/p>\n<ul data-start=\"1665\" data-end=\"1830\">\n<li data-start=\"1665\" data-end=\"1716\">\n<p data-start=\"1667\" data-end=\"1716\"><strong data-start=\"1667\" data-end=\"1716\">Wasserbasierte, umweltfreundliche Lacksysteme<\/strong><\/p>\n<\/li>\n<li data-start=\"1717\" data-end=\"1763\">\n<p data-start=\"1719\" data-end=\"1763\"><strong data-start=\"1719\" data-end=\"1763\">Schonende und emissionsarme Verarbeitung<\/strong><\/p>\n<\/li>\n<li data-start=\"1764\" data-end=\"1830\">\n<p data-start=\"1766\" data-end=\"1830\"><strong data-start=\"1766\" data-end=\"1830\">Ausschliesslich Premium-Produkte f\u00fcr langanhaltende Qualit\u00e4t<\/strong><\/p>\n<\/li>\n<\/ul>\n<p data-start=\"1832\" data-end=\"2000\"><strong data-start=\"1832\" data-end=\"1896\">Wasserlacke \u2013 die moderne L\u00f6sung f\u00fcr nachhaltiges Lackieren.<\/strong><br data-start=\"1896\" data-end=\"1899\" \/>Sie reduzieren L\u00f6semittel-Emissionen und erm\u00f6glichen eine effiziente, umweltfreundliche Verarbeitung.<\/p>\n<p><strong>H\u00f6chste Qualit\u00e4t f\u00fcr ein makelloses Resultat<br \/><\/strong>S\u00e4mtliche Farben k\u00f6nnen in h\u00f6chster Qualit\u00e4t in unserem modernst ausgestatteten Mischraum mit computerunterst\u00fctztem Mischsystem gemischt werden.<\/p>\n<\/div>\n<div id=\"cc-m-18132422225\" class=\"j-module n j-textWithImage \">\n<ul>\n<li class=\"cc-imagewrapper cc-m-image-align-1\"><span style=\"font-size: inherit;\">naturvertr\u00e4gliche Farben auf Wasserbasis<\/span><\/li>\n<\/ul>\n<\/div>\n<div id=\"cc-m-18132433225\" class=\"j-module n j-textWithImage \">\n<ul>\n<li class=\"cc-imagewrapper cc-m-image-align-1\"><span style=\"font-size: inherit;\">umweltschonende Verarbeitung<\/span><\/li>\n<\/ul>\n<\/div>\n<div id=\"cc-m-18132433525\" class=\"j-module n j-textWithImage \">\n<ul>\n<li class=\"cc-imagewrapper cc-m-image-align-1\"><span style=\"font-size: inherit;\">erstklassige Qualit\u00e4tsprodukte<\/span><\/li>\n<\/ul>\n<div class=\"cc-clear\">\u00a0<\/div>\n<\/div>\n<div id=\"cc-m-18132444725\" class=\"j-module n j-text \">\n<p><strong>Umweltschonendes Lackieren\u00a0<br \/><\/strong>Wir verwenden naturvertr\u00e4gliche Farben auf Wasserbasis. Wasserlacke geh\u00f6ren zu den modernsten Lacksystemen, denn sie sind wirtschaftlich, einfach zu verarbeiten und sch\u00fctzen unsere Umwelt. Mit diesem innovativen Lackierverfahren werden Emissionen von organischen L\u00f6sungsmitteln in der Luft gesenkt.<\/p>\n<\/div>\n\n\n<div style=\"height:40px\" aria-hidden=\"true\" class=\"wp-block-spacer\"><\/div>\n\n\n\n<h2 class=\"wp-block-heading\">Spot-Repair f\u00fcr kleine Lacksch\u00e4den<\/h2>\n\n\n<p>Kleine bis mittlere Lacksch\u00e4den an&nbsp;Ihrem Fahrzeug&nbsp;werden punktuell (Punkt = engl. Spot)&nbsp;instand gesetzt&nbsp;\u2013 meist ohne Demontage der betreffenden Teile direkt am Fahrzeug.&nbsp; Ziel des Spot-Repair ist eine perfekte Instandsetzung im Bereich des effektiven Schadens mit minimalem Aufwand.<\/p>\n\n\n<div style=\"height:40px\" aria-hidden=\"true\" class=\"wp-block-spacer\"><\/div>\n\n\n\n<h2 class=\"wp-block-heading\">Sonderlackierungen und Ganzlackierungen<\/h2>\n\n\n\n<figure class=\"wp-block-image size-large\"><img loading=\"lazy\" decoding=\"async\" width=\"932\" height=\"400\" src=\"https:\/\/carrosserie-stenz.ch\/wp-content\/uploads\/2020\/09\/ganzlack1.png\" alt=\"\" class=\"wp-image-155\" srcset=\"https:\/\/carrosserie-stenz.ch\/wp-content\/uploads\/2020\/09\/ganzlack1.png 932w, https:\/\/carrosserie-stenz.ch\/wp-content\/uploads\/2020\/09\/ganzlack1-300x129.png 300w, https:\/\/carrosserie-stenz.ch\/wp-content\/uploads\/2020\/09\/ganzlack1-768x330.png 768w, https:\/\/carrosserie-stenz.ch\/wp-content\/uploads\/2020\/09\/ganzlack1-604x259.png 604w\" sizes=\"auto, (max-width: 932px) 100vw, 932px\" \/><\/figure>\n\n\n<p>Ausgefallene, trendige, optisch spektakul\u00e4re Sonderlackierungen stellen wir ebenfalls her. Mit unserem Fachwissen, unserem handwerklichen Geschick und unserer Erfahrung ist dies ein Mehrwert f\u00fcr jeden Auftrag.\u00a0<\/p>\n\n\n<figure class=\"wp-block-gallery has-nested-images columns-default is-cropped wp-block-gallery-2 is-layout-flex wp-block-gallery-is-layout-flex\">\n<figure class=\"wp-block-image size-large\"><img loading=\"lazy\" decoding=\"async\" width=\"634\" height=\"400\" data-id=\"156\" src=\"https:\/\/carrosserie-stenz.ch\/wp-content\/uploads\/2020\/09\/ganzlack2.png\" alt=\"\" class=\"wp-image-156\" srcset=\"https:\/\/carrosserie-stenz.ch\/wp-content\/uploads\/2020\/09\/ganzlack2.png 634w, https:\/\/carrosserie-stenz.ch\/wp-content\/uploads\/2020\/09\/ganzlack2-300x189.png 300w, https:\/\/carrosserie-stenz.ch\/wp-content\/uploads\/2020\/09\/ganzlack2-428x270.png 428w\" sizes=\"auto, (max-width: 634px) 100vw, 634px\" \/><\/figure>\n\n\n\n<figure class=\"wp-block-image size-large\"><img loading=\"lazy\" decoding=\"async\" width=\"652\" height=\"400\" data-id=\"157\" src=\"https:\/\/carrosserie-stenz.ch\/wp-content\/uploads\/2020\/09\/ganzlack3.png\" alt=\"\" class=\"wp-image-157\" srcset=\"https:\/\/carrosserie-stenz.ch\/wp-content\/uploads\/2020\/09\/ganzlack3.png 652w, https:\/\/carrosserie-stenz.ch\/wp-content\/uploads\/2020\/09\/ganzlack3-300x184.png 300w, https:\/\/carrosserie-stenz.ch\/wp-content\/uploads\/2020\/09\/ganzlack3-440x270.png 440w\" sizes=\"auto, (max-width: 652px) 100vw, 652px\" \/><\/figure>\n<\/figure>\n\n\n\n<div style=\"height:40px\" aria-hidden=\"true\" class=\"wp-block-spacer\"><\/div>\n\n\n\n<h2 class=\"wp-block-heading\">Spezial-Lackierungen<\/h2>\n\n\n<p>Nicht nur Ihr Fahrzeug ist bei uns in den besten H\u00e4nden, sondern auch anderen Komponenten geben wir den optischen Schliff. Wir lackieren auch Objekte wie z.B. Scheinwerfer, K\u00e4sten, Granittische, Magnettafeln, K\u00fcchen, M\u00f6bel, Haust\u00fcren, WC-Deckel, Garagentore, Bob, Tresore, Kaffeemaschinen, Regale, Lampen &#8230;<\/p>\n<p>Dies bedeutet, wir k\u00f6nnen nicht nur Metalle spritzen, sondern auch andere Materialien wie Kunststoff, Glasfaser oder Holz. Einzelteile oder Massenprodukte werden von uns fachm\u00e4nnisch nach Ihren W\u00fcnschen lackiert.<\/p>\n<p>Fragen Sie uns an, um Ihre W\u00fcnsche mit uns zu besprechen.<\/p>\n\n\n<figure class=\"wp-block-gallery has-nested-images columns-default is-cropped wp-block-gallery-3 is-layout-flex wp-block-gallery-is-layout-flex\">\n<figure class=\"wp-block-image size-large\"><img loading=\"lazy\" decoding=\"async\" width=\"533\" height=\"400\" data-id=\"158\" src=\"https:\/\/carrosserie-stenz.ch\/wp-content\/uploads\/2020\/09\/spezial1.jpg\" alt=\"\" class=\"wp-image-158\" srcset=\"https:\/\/carrosserie-stenz.ch\/wp-content\/uploads\/2020\/09\/spezial1.jpg 533w, https:\/\/carrosserie-stenz.ch\/wp-content\/uploads\/2020\/09\/spezial1-300x225.jpg 300w, https:\/\/carrosserie-stenz.ch\/wp-content\/uploads\/2020\/09\/spezial1-360x270.jpg 360w\" sizes=\"auto, (max-width: 533px) 100vw, 533px\" \/><\/figure>\n\n\n\n<figure class=\"wp-block-image size-large has-custom-border\"><img loading=\"lazy\" decoding=\"async\" width=\"453\" height=\"400\" data-id=\"159\" src=\"https:\/\/carrosserie-stenz.ch\/wp-content\/uploads\/2020\/09\/spezial2.jpg\" alt=\"\" class=\"wp-image-159\" style=\"border-style:none;border-width:0px;border-radius:0px\" srcset=\"https:\/\/carrosserie-stenz.ch\/wp-content\/uploads\/2020\/09\/spezial2.jpg 453w, https:\/\/carrosserie-stenz.ch\/wp-content\/uploads\/2020\/09\/spezial2-300x265.jpg 300w, https:\/\/carrosserie-stenz.ch\/wp-content\/uploads\/2020\/09\/spezial2-306x270.jpg 306w\" sizes=\"auto, (max-width: 453px) 100vw, 453px\" \/><\/figure>\n\n\n\n<figure class=\"wp-block-image size-large\"><img loading=\"lazy\" decoding=\"async\" width=\"317\" height=\"400\" data-id=\"160\" src=\"https:\/\/carrosserie-stenz.ch\/wp-content\/uploads\/2020\/09\/spezial3.jpg\" alt=\"\" class=\"wp-image-160\" srcset=\"https:\/\/carrosserie-stenz.ch\/wp-content\/uploads\/2020\/09\/spezial3.jpg 317w, https:\/\/carrosserie-stenz.ch\/wp-content\/uploads\/2020\/09\/spezial3-238x300.jpg 238w, https:\/\/carrosserie-stenz.ch\/wp-content\/uploads\/2020\/09\/spezial3-214x270.jpg 214w\" sizes=\"auto, (max-width: 317px) 100vw, 317px\" \/><\/figure>\n\n\n\n<figure class=\"wp-block-image size-large\"><img loading=\"lazy\" decoding=\"async\" width=\"738\" height=\"400\" data-id=\"161\" src=\"https:\/\/carrosserie-stenz.ch\/wp-content\/uploads\/2020\/09\/spezial4.jpg\" alt=\"\" class=\"wp-image-161\" srcset=\"https:\/\/carrosserie-stenz.ch\/wp-content\/uploads\/2020\/09\/spezial4.jpg 738w, https:\/\/carrosserie-stenz.ch\/wp-content\/uploads\/2020\/09\/spezial4-300x163.jpg 300w, https:\/\/carrosserie-stenz.ch\/wp-content\/uploads\/2020\/09\/spezial4-498x270.jpg 498w\" sizes=\"auto, (max-width: 738px) 100vw, 738px\" \/><\/figure>\n\n\n\n<figure class=\"wp-block-image size-large\"><img loading=\"lazy\" decoding=\"async\" width=\"588\" height=\"400\" data-id=\"162\" src=\"https:\/\/carrosserie-stenz.ch\/wp-content\/uploads\/2020\/09\/spezial5.jpg\" alt=\"\" class=\"wp-image-162\" srcset=\"https:\/\/carrosserie-stenz.ch\/wp-content\/uploads\/2020\/09\/spezial5.jpg 588w, https:\/\/carrosserie-stenz.ch\/wp-content\/uploads\/2020\/09\/spezial5-300x204.jpg 300w, https:\/\/carrosserie-stenz.ch\/wp-content\/uploads\/2020\/09\/spezial5-397x270.jpg 397w\" sizes=\"auto, (max-width: 588px) 100vw, 588px\" \/><\/figure>\n<\/figure>\n\n\n\n<div style=\"height:40px\" aria-hidden=\"true\" class=\"wp-block-spacer\"><\/div>\n\n\n\n<h2 class=\"wp-block-heading\">Langzeit-Lackierschutz<\/h2>\n\n\n<p>Langzeit-Lackierschutz gibt es auch bei uns &#8211; nur das Beste f\u00fcr unsere Kunden &#8211; Meguiar&#8217;s Deep Crystal Ultra Paint Coating<\/p>\n\n\n<figure class=\"wp-block-image size-large\"><img loading=\"lazy\" decoding=\"async\" width=\"720\" height=\"400\" src=\"https:\/\/carrosserie-stenz.ch\/wp-content\/uploads\/2020\/09\/lackschutz2.png\" alt=\"\" class=\"wp-image-165\" srcset=\"https:\/\/carrosserie-stenz.ch\/wp-content\/uploads\/2020\/09\/lackschutz2.png 720w, https:\/\/carrosserie-stenz.ch\/wp-content\/uploads\/2020\/09\/lackschutz2-300x167.png 300w, https:\/\/carrosserie-stenz.ch\/wp-content\/uploads\/2020\/09\/lackschutz2-486x270.png 486w\" sizes=\"auto, (max-width: 720px) 100vw, 720px\" \/><\/figure>\n\n\n\n<div style=\"height:40px\" aria-hidden=\"true\" class=\"wp-block-spacer\"><\/div>\n\n\n\n<h2 class=\"wp-block-heading\">Wir erledigen f\u00fcr Sie:<\/h2>\n\n\n\n<table align=\"\" width=\"100%\" height=\"100%\" style=\"background-color: #455e75;\" border=\"0\" cellspacing=\"0\" cellpadding=\"0\"><tr><td style=\"border: 4px solid #ffffff; color:white; background-color: #455e75;\">S\u00e4mtliche Lackierarbeiten von Fahrzeugen aller Marken, auch von exklusiven Fahrzeugen wie Tesla, Ferrari, Oldtimer, &#8230;<\/td><\/tr><tr><td style=\"border: 4px solid #ffffff; color:white; background-color: #455e75;\">Mehrfarbenlackierungen<\/td><\/tr><tr><td style=\"border: 4px solid #ffffff; color:white; background-color: #455e75;\">Kunststoffreparaturen<\/td><\/tr><tr><td style=\"border: 4px solid #ffffff; color:white; background-color: #455e75;\">Speziallackierungen, Airbrush, Effektlackierungen<\/td><\/tr><tr><td style=\"border: 4px solid #ffffff; color:white; background-color: #455e75;\">Montage von D\u00e9cors und Firmenbeschriftungen<\/td><\/tr><tr><td style=\"border: 4px solid #ffffff; color:white; background-color: #455e75;\">Lackieren von Motorr\u00e4der, Mofas, Fahrr\u00e4dern etc.<\/td><\/tr><tr><td style=\"border: 4px solid #ffffff; color:white; background-color: #455e75;\">Lackieren von T\u00fcren, Fenstern, M\u00f6belst\u00fccken, Geb\u00e4udeteilen etc.<\/td><\/tr><tr><td style=\"border: 4px solid #ffffff; color:white; background-color: #455e75;\">Lackieren von Ihrem Wunschobjekt<\/td><\/tr><\/table>\n\n\n\n<div style=\"height:100px\" aria-hidden=\"true\" class=\"wp-block-spacer\"><\/div>\n","protected":false},"excerpt":{"rendered":"<p>Umweltschonend, pr\u00e4zise, individuell. Modernste Lackiertechniken f\u00fcr perfekte Ergebnisse \u2013 und das nachhaltig.Dank unserem Fachwissen und topmoderner Ausstattung lackieren wir Ihr Fahrzeug professionell \u2013 vom kleinen Kratzer bis zur kompletten Neulackierung. Ob Aufbereitung, Farbauffrischung oder komplette Umlackierung \u2013 wir setzen Ihre Farbw\u00fcnsche pr\u00e4zise um.Egal, ob Sie Ihren Lack wieder zum Gl\u00e4nzen bringen m\u00f6chten oder Ihrem&#8230;<\/p>\n<p class=\"read-more\"><a class=\"btn btn-default\" href=\"https:\/\/carrosserie-stenz.ch\/index.php\/autospritzwerk-lackarbeiten\/\"> Read More<span class=\"screen-reader-text\">  Read More<\/span><\/a><\/p>\n","protected":false},"author":1,"featured_media":0,"parent":0,"menu_order":0,"comment_status":"closed","ping_status":"closed","template":"","meta":{"footnotes":""},"class_list":["post-151","page","type-page","status-publish","hentry"],"yoast_head":"<!-- This site is optimized with the Yoast SEO plugin v27.1.1 - https:\/\/yoast.com\/product\/yoast-seo-wordpress\/ -->\n<title>Autospritzwerk &amp; Lackarbeiten - Carrosserie Stenz AG - 5444 K\u00fcnten<\/title>\n<meta name=\"robots\" content=\"index, follow, max-snippet:-1, max-image-preview:large, max-video-preview:-1\" \/>\n<link rel=\"canonical\" href=\"https:\/\/carrosserie-stenz.ch\/index.php\/autospritzwerk-lackarbeiten\/\" \/>\n<meta property=\"og:locale\" content=\"de_DE\" \/>\n<meta property=\"og:type\" content=\"article\" \/>\n<meta property=\"og:title\" content=\"Autospritzwerk &amp; Lackarbeiten - Carrosserie Stenz AG - 5444 K\u00fcnten\" \/>\n<meta property=\"og:description\" content=\"Umweltschonend, pr\u00e4zise, individuell. Modernste Lackiertechniken f\u00fcr perfekte Ergebnisse \u2013 und das nachhaltig.Dank unserem Fachwissen und topmoderner Ausstattung lackieren wir Ihr Fahrzeug professionell \u2013 vom kleinen Kratzer bis zur kompletten Neulackierung. Ob Aufbereitung, Farbauffrischung oder komplette Umlackierung \u2013 wir setzen Ihre Farbw\u00fcnsche pr\u00e4zise um.Egal, ob Sie Ihren Lack wieder zum Gl\u00e4nzen bringen m\u00f6chten oder Ihrem... Read More Read More\" \/>\n<meta property=\"og:url\" content=\"https:\/\/carrosserie-stenz.ch\/index.php\/autospritzwerk-lackarbeiten\/\" \/>\n<meta property=\"og:site_name\" content=\"Carrosserie Stenz AG - 5444 K\u00fcnten\" \/>\n<meta property=\"article:modified_time\" content=\"2025-05-28T15:11:07+00:00\" \/>\n<meta property=\"og:image\" content=\"https:\/\/carrosserie-stenz.ch\/wp-content\/uploads\/2020\/09\/lack1.jpg\" \/>\n\t<meta property=\"og:image:width\" content=\"920\" \/>\n\t<meta property=\"og:image:height\" content=\"307\" \/>\n\t<meta property=\"og:image:type\" content=\"image\/jpeg\" \/>\n<meta name=\"twitter:card\" content=\"summary_large_image\" \/>\n<meta name=\"twitter:label1\" content=\"Gesch\u00e4tzte Lesezeit\" \/>\n\t<meta name=\"twitter:data1\" content=\"6\u00a0Minuten\" \/>\n<script type=\"application\/ld+json\" class=\"yoast-schema-graph\">{\"@context\":\"https:\/\/schema.org\",\"@graph\":[{\"@type\":\"WebPage\",\"@id\":\"https:\/\/carrosserie-stenz.ch\/index.php\/autospritzwerk-lackarbeiten\/\",\"url\":\"https:\/\/carrosserie-stenz.ch\/index.php\/autospritzwerk-lackarbeiten\/\",\"name\":\"Autospritzwerk &amp; Lackarbeiten - Carrosserie Stenz AG - 5444 K\u00fcnten\",\"isPartOf\":{\"@id\":\"https:\/\/carrosserie-stenz.ch\/#website\"},\"primaryImageOfPage\":{\"@id\":\"https:\/\/carrosserie-stenz.ch\/index.php\/autospritzwerk-lackarbeiten\/#primaryimage\"},\"image\":{\"@id\":\"https:\/\/carrosserie-stenz.ch\/index.php\/autospritzwerk-lackarbeiten\/#primaryimage\"},\"thumbnailUrl\":\"https:\/\/carrosserie-stenz.ch\/wp-content\/uploads\/2020\/09\/lack1.jpg\",\"datePublished\":\"2020-09-12T11:35:18+00:00\",\"dateModified\":\"2025-05-28T15:11:07+00:00\",\"breadcrumb\":{\"@id\":\"https:\/\/carrosserie-stenz.ch\/index.php\/autospritzwerk-lackarbeiten\/#breadcrumb\"},\"inLanguage\":\"de\",\"potentialAction\":[{\"@type\":\"ReadAction\",\"target\":[\"https:\/\/carrosserie-stenz.ch\/index.php\/autospritzwerk-lackarbeiten\/\"]}]},{\"@type\":\"ImageObject\",\"inLanguage\":\"de\",\"@id\":\"https:\/\/carrosserie-stenz.ch\/index.php\/autospritzwerk-lackarbeiten\/#primaryimage\",\"url\":\"https:\/\/carrosserie-stenz.ch\/wp-content\/uploads\/2020\/09\/lack1.jpg\",\"contentUrl\":\"https:\/\/carrosserie-stenz.ch\/wp-content\/uploads\/2020\/09\/lack1.jpg\",\"width\":920,\"height\":307},{\"@type\":\"BreadcrumbList\",\"@id\":\"https:\/\/carrosserie-stenz.ch\/index.php\/autospritzwerk-lackarbeiten\/#breadcrumb\",\"itemListElement\":[{\"@type\":\"ListItem\",\"position\":1,\"name\":\"Carrosserie Stenz AG\",\"item\":\"https:\/\/carrosserie-stenz.ch\/\"},{\"@type\":\"ListItem\",\"position\":2,\"name\":\"Autospritzwerk &amp; Lackarbeiten\"}]},{\"@type\":\"WebSite\",\"@id\":\"https:\/\/carrosserie-stenz.ch\/#website\",\"url\":\"https:\/\/carrosserie-stenz.ch\/\",\"name\":\"Carrosserie Stenz AG - 5444 K\u00fcnten\",\"description\":\"Auto-Spritzwerk * Carrosserie-Spenglerei\",\"potentialAction\":[{\"@type\":\"SearchAction\",\"target\":{\"@type\":\"EntryPoint\",\"urlTemplate\":\"https:\/\/carrosserie-stenz.ch\/?s={search_term_string}\"},\"query-input\":{\"@type\":\"PropertyValueSpecification\",\"valueRequired\":true,\"valueName\":\"search_term_string\"}}],\"inLanguage\":\"de\"}]}<\/script>\n<!-- \/ Yoast SEO plugin. -->","yoast_head_json":{"title":"Autospritzwerk &amp; Lackarbeiten - Carrosserie Stenz AG - 5444 K\u00fcnten","robots":{"index":"index","follow":"follow","max-snippet":"max-snippet:-1","max-image-preview":"max-image-preview:large","max-video-preview":"max-video-preview:-1"},"canonical":"https:\/\/carrosserie-stenz.ch\/index.php\/autospritzwerk-lackarbeiten\/","og_locale":"de_DE","og_type":"article","og_title":"Autospritzwerk &amp; Lackarbeiten - Carrosserie Stenz AG - 5444 K\u00fcnten","og_description":"Umweltschonend, pr\u00e4zise, individuell. Modernste Lackiertechniken f\u00fcr perfekte Ergebnisse \u2013 und das nachhaltig.Dank unserem Fachwissen und topmoderner Ausstattung lackieren wir Ihr Fahrzeug professionell \u2013 vom kleinen Kratzer bis zur kompletten Neulackierung. Ob Aufbereitung, Farbauffrischung oder komplette Umlackierung \u2013 wir setzen Ihre Farbw\u00fcnsche pr\u00e4zise um.Egal, ob Sie Ihren Lack wieder zum Gl\u00e4nzen bringen m\u00f6chten oder Ihrem... Read More Read More","og_url":"https:\/\/carrosserie-stenz.ch\/index.php\/autospritzwerk-lackarbeiten\/","og_site_name":"Carrosserie Stenz AG - 5444 K\u00fcnten","article_modified_time":"2025-05-28T15:11:07+00:00","og_image":[{"width":920,"height":307,"url":"https:\/\/carrosserie-stenz.ch\/wp-content\/uploads\/2020\/09\/lack1.jpg","type":"image\/jpeg"}],"twitter_card":"summary_large_image","twitter_misc":{"Gesch\u00e4tzte Lesezeit":"6\u00a0Minuten"},"schema":{"@context":"https:\/\/schema.org","@graph":[{"@type":"WebPage","@id":"https:\/\/carrosserie-stenz.ch\/index.php\/autospritzwerk-lackarbeiten\/","url":"https:\/\/carrosserie-stenz.ch\/index.php\/autospritzwerk-lackarbeiten\/","name":"Autospritzwerk &amp; Lackarbeiten - Carrosserie Stenz AG - 5444 K\u00fcnten","isPartOf":{"@id":"https:\/\/carrosserie-stenz.ch\/#website"},"primaryImageOfPage":{"@id":"https:\/\/carrosserie-stenz.ch\/index.php\/autospritzwerk-lackarbeiten\/#primaryimage"},"image":{"@id":"https:\/\/carrosserie-stenz.ch\/index.php\/autospritzwerk-lackarbeiten\/#primaryimage"},"thumbnailUrl":"https:\/\/carrosserie-stenz.ch\/wp-content\/uploads\/2020\/09\/lack1.jpg","datePublished":"2020-09-12T11:35:18+00:00","dateModified":"2025-05-28T15:11:07+00:00","breadcrumb":{"@id":"https:\/\/carrosserie-stenz.ch\/index.php\/autospritzwerk-lackarbeiten\/#breadcrumb"},"inLanguage":"de","potentialAction":[{"@type":"ReadAction","target":["https:\/\/carrosserie-stenz.ch\/index.php\/autospritzwerk-lackarbeiten\/"]}]},{"@type":"ImageObject","inLanguage":"de","@id":"https:\/\/carrosserie-stenz.ch\/index.php\/autospritzwerk-lackarbeiten\/#primaryimage","url":"https:\/\/carrosserie-stenz.ch\/wp-content\/uploads\/2020\/09\/lack1.jpg","contentUrl":"https:\/\/carrosserie-stenz.ch\/wp-content\/uploads\/2020\/09\/lack1.jpg","width":920,"height":307},{"@type":"BreadcrumbList","@id":"https:\/\/carrosserie-stenz.ch\/index.php\/autospritzwerk-lackarbeiten\/#breadcrumb","itemListElement":[{"@type":"ListItem","position":1,"name":"Carrosserie Stenz AG","item":"https:\/\/carrosserie-stenz.ch\/"},{"@type":"ListItem","position":2,"name":"Autospritzwerk &amp; Lackarbeiten"}]},{"@type":"WebSite","@id":"https:\/\/carrosserie-stenz.ch\/#website","url":"https:\/\/carrosserie-stenz.ch\/","name":"Carrosserie Stenz AG - 5444 K\u00fcnten","description":"Auto-Spritzwerk * Carrosserie-Spenglerei","potentialAction":[{"@type":"SearchAction","target":{"@type":"EntryPoint","urlTemplate":"https:\/\/carrosserie-stenz.ch\/?s={search_term_string}"},"query-input":{"@type":"PropertyValueSpecification","valueRequired":true,"valueName":"search_term_string"}}],"inLanguage":"de"}]}},"_links":{"self":[{"href":"https:\/\/carrosserie-stenz.ch\/index.php\/wp-json\/wp\/v2\/pages\/151","targetHints":{"allow":["GET"]}}],"collection":[{"href":"https:\/\/carrosserie-stenz.ch\/index.php\/wp-json\/wp\/v2\/pages"}],"about":[{"href":"https:\/\/carrosserie-stenz.ch\/index.php\/wp-json\/wp\/v2\/types\/page"}],"author":[{"embeddable":true,"href":"https:\/\/carrosserie-stenz.ch\/index.php\/wp-json\/wp\/v2\/users\/1"}],"replies":[{"embeddable":true,"href":"https:\/\/carrosserie-stenz.ch\/index.php\/wp-json\/wp\/v2\/comments?post=151"}],"version-history":[{"count":30,"href":"https:\/\/carrosserie-stenz.ch\/index.php\/wp-json\/wp\/v2\/pages\/151\/revisions"}],"predecessor-version":[{"id":994,"href":"https:\/\/carrosserie-stenz.ch\/index.php\/wp-json\/wp\/v2\/pages\/151\/revisions\/994"}],"wp:attachment":[{"href":"https:\/\/carrosserie-stenz.ch\/index.php\/wp-json\/wp\/v2\/media?parent=151"}],"curies":[{"name":"wp","href":"https:\/\/api.w.org\/{rel}","templated":true}]}}